{"id":1286,"date":"2021-03-19T11:14:32","date_gmt":"2021-03-19T10:14:32","guid":{"rendered":"https:\/\/corvey.de\/?page_id=1286"},"modified":"2026-04-29T10:43:00","modified_gmt":"2026-04-29T08:43:00","slug":"franz-hoffmann-fallersleben","status":"publish","type":"page","link":"https:\/\/corvey.de\/en\/ausstellungen\/franz-hoffmann-fallersleben\/","title":{"rendered":"Sonderausstellung: Franz Hoffmann-Fallersleben"},"content":{"rendered":"<h2>Der Sohn des Bibliothekars<\/h2>\n<h3>Franz Hoffmann von Fallersleben, Maler in Corvey (1855-1927)<\/h3>\n<p><span class=\"format blau\">Als der bereits 62-j\u00e4hrige August Heinrich Hoffmann von Fallersleben (1798-1874) am 1. Mai 1860 die Stelle als Bibliothekar des Herzogs von Ratibor in Corvey antrat, war sein Sohn Franz gerade einmal f\u00fcnf Jahre alt. Die Mutter wurde kurz nach dem Umzug von einem toten Kind entbunden und starb im Kindbett. In seiner Verzweiflung schrieb Hoffmann an den Herzog von Ratibor: \u201eUnser Leid ist gr\u00e4nzenlos und ich bleibe damit ich mit ihr im Tode vereint werde.\u201c<\/span><\/p>\n<p><span class=\"format blau\">So blieb Hoffmann von Fallersleben mit seinem kleinen Sohn Franz allein in Corvey zur\u00fcck und war ihm bis zu seinem Tod stets ein f\u00f6rdernder und besorgter Vater. Franz besuchte ab 1867 die Gymnasien in H\u00f6xter, Helmstedt und Holzminden, was ihn wieder zur\u00fcck in die N\u00e4he des Vaters f\u00fchrte. Dieser vermittelte dem Sohn schon fr\u00fch seine Liebe zu Corvey, was sich zweifellos in den regionalen Motiven der Bilder des Malers Franz Hoffmann-Fallersleben widerspiegelte.<\/span><\/p>\n<p><span class=\"format blau\">Nach der Gymnasialzeit \u00e4u\u00dferte Franz schlie\u00dflich den Wunsch, die Malerei zu seinem Beruf zu machen. Der Vater stimmte ohne Bedenken zu und reiste im Jahre 1873 pers\u00f6nlich nach D\u00fcsseldorf, um den nun achtzehnj\u00e4hrigen Sohn an der Malerakademie anzumelden. Die K\u00fcnstlerkarriere von Franz erlebte der alte Hoffmann nicht mehr, denn als der Vater nur wenige Monate sp\u00e4ter, am 20. Januar 1874 in Corvey starb, wechselte der junge Kunststudent an die Kunstschule in Weimar.<\/span><\/p>\n<p><span class=\"format blau\">Franz Hoffmann-Fallersleben erhielt eine profunde Ausbildung in der Landschaftsmalerei, die neben der Arbeit im Atelier das Malen unter freiem Himmel erforderte. Nach sechs Jahren k\u00fcnstlerischen Schaffens in Weimar zog es Hoffmann im Jahre 1888 in die Metropole Berlin. Mit dieser Entscheidung ging eine stetige und best\u00e4ndige Schaffensperiode einher. Seine T\u00e4tigkeit im Atelier wurde nur durch ausgedehnte Studienreisen ins In- und Ausland erg\u00e4nzt.<\/span><\/p>\n<p><span class=\"format blau\">In den letzten Lebensjahren zog es den K\u00fcnstler immer h\u00e4ufiger nach Corvey zur\u00fcck. Hier, wo er seine Jugendjahre verbracht hatte und wo seine Eltern begraben sind, malte er immer wieder die ihm vertrauten Motive um Schloss Corvey. Es sind die stille Weite der Weserlandschaft und die von rotem Weinlaub umrankten T\u00fcrme und Mauern, die er in der ihm eigenen Manier stimmungsvoll festhielt. Letztmalig war Franz Hoffmann-Fallersleben im Jahre 1924 in Corvey. Er starb am 15. Mai 1927 im Alter von 72 Jahren in Berlin und wurde in seiner Geburtsstadt Weimar beigesetzt.<\/span><\/p>\n<p><span class=\"format blau\">Franz Hoffmann-Fallersleben ist ein bedeutender Vertreter der \u201eD\u00fcsseldorfer Malerschule\u201c und gilt als Maler deutscher Landschaft und Geschichte, der das Werk seines Vaters statt mit der Dichterfeder mit dem Malerpinsel fortsetzte. Studienreisen f\u00fchrten ihn ins Riesengebirge, an die norddeutschen K\u00fcsten, in die L\u00fcneburger Heide, ebenso nach D\u00e4nemark und sowie in das antike Rom. Das Spontane und Ausschnitthafte der Freilichtstudien \u00fcbertrug er auch auf seine Atelierarbeiten.<\/span><\/p>\n<p><span class=\"rot\"><strong>[<\/strong><\/span><a href=\"https:\/\/corvey.de\/wp-content\/uploads\/2023\/02\/Faltblatt-H-F-2023-1.pdf\"><span class=\"rot\"><strong>Flyer downloaden<\/strong><\/span><\/a><span class=\"rot\"><strong>]<\/strong><\/span><\/p>\n","protected":false},"excerpt":{"rendered":"<p>Der Sohn des Bibliothekars Franz Hoffmann von Fallersleben, Maler in Corvey (1855-1927) Als der bereits 62-j\u00e4hrige August Heinrich Hoffmann von Fallersleben (1798-1874) am 1. Mai 1860 die Stelle als Bibliothekar des Herzogs von Ratibor in Corvey antrat, war sein Sohn Franz gerade einmal f\u00fcnf Jahre alt. Die Mutter wurde kurz nach dem Umzug von einem [&hellip;]<\/p>\n","protected":false},"author":3,"featured_media":1293,"parent":589,"menu_order":7,"comment_status":"closed","ping_status":"closed","template":"","meta":{"_acf_changed":false,"footnotes":""},"class_list":["post-1286","page","type-page","status-publish","has-post-thumbnail","hentry"],"acf":[],"yoast_head":"<!-- This site is optimized with the Yoast SEO plugin v24.0 - https:\/\/yoast.com\/wordpress\/plugins\/seo\/ -->\n<title>Sonderausstellung: Franz Hoffmann-Fallersleben &#8226; Welterbe Corvey<\/title>\n<meta name=\"robots\" content=\"index, follow, max-snippet:-1, max-image-preview:large, max-video-preview:-1\" \/>\n<link rel=\"canonical\" href=\"https:\/\/corvey.de\/en\/ausstellungen\/franz-hoffmann-fallersleben\/\" \/>\n<meta property=\"og:locale\" content=\"en_US\" \/>\n<meta property=\"og:locale:alternate\" content=\"de_DE\" \/>\n<meta property=\"og:type\" content=\"article\" \/>\n<meta property=\"og:title\" content=\"Sonderausstellung: Franz Hoffmann-Fallersleben\" \/>\n<meta property=\"og:description\" content=\"Der Sohn des Bibliothekars Franz Hoffmann von Fallersleben, Maler in Corvey (1855-1927) Als der bereits 62-j\u00e4hrige August Heinrich Hoffmann von Fallersleben (1798-1874) am 1. Mai 1860 die Stelle als Bibliothekar des Herzogs von Ratibor in Corvey antrat, war sein Sohn Franz gerade einmal f\u00fcnf Jahre alt. Die Mutter wurde kurz nach dem Umzug von einem [&hellip;]\" \/>\n<meta property=\"og:url\" content=\"https:\/\/corvey.de\/en\/ausstellungen\/franz-hoffmann-fallersleben\/\" \/>\n<meta property=\"og:site_name\" content=\"Welterbe Corvey\" \/>\n<meta property=\"article:modified_time\" content=\"2026-04-29T08:43:00+00:00\" \/>\n<meta property=\"og:image\" content=\"https:\/\/corvey.de\/wp-content\/uploads\/2021\/03\/Web-07.jpg\" \/>\n\t<meta property=\"og:image:width\" content=\"2165\" \/>\n\t<meta property=\"og:image:height\" content=\"1621\" \/>\n\t<meta property=\"og:image:type\" content=\"image\/jpeg\" \/>\n<meta name=\"twitter:card\" content=\"summary_large_image\" \/>\n<meta name=\"twitter:label1\" content=\"Est. reading time\" \/>\n\t<meta name=\"twitter:data1\" content=\"3 minutes\" \/>\n<script type=\"application\/ld+json\" class=\"yoast-schema-graph\">{\"@context\":\"https:\/\/schema.org\",\"@graph\":[{\"@type\":\"WebPage\",\"@id\":\"https:\/\/corvey.de\/ausstellungen\/franz-hoffmann-fallersleben\/\",\"url\":\"https:\/\/corvey.de\/ausstellungen\/franz-hoffmann-fallersleben\/\",\"name\":\"Sonderausstellung: Franz Hoffmann-Fallersleben\",\"isPartOf\":{\"@id\":\"https:\/\/corvey.de\/#website\"},\"primaryImageOfPage\":{\"@id\":\"https:\/\/corvey.de\/ausstellungen\/franz-hoffmann-fallersleben\/#primaryimage\"},\"image\":{\"@id\":\"https:\/\/corvey.de\/ausstellungen\/franz-hoffmann-fallersleben\/#primaryimage\"},\"thumbnailUrl\":\"https:\/\/corvey.de\/wp-content\/uploads\/2021\/03\/Web-07.jpg\",\"datePublished\":\"2021-03-19T10:14:32+00:00\",\"dateModified\":\"2026-04-29T08:43:00+00:00\",\"breadcrumb\":{\"@id\":\"https:\/\/corvey.de\/ausstellungen\/franz-hoffmann-fallersleben\/#breadcrumb\"},\"inLanguage\":\"en-US\",\"potentialAction\":[{\"@type\":\"ReadAction\",\"target\":[\"https:\/\/corvey.de\/ausstellungen\/franz-hoffmann-fallersleben\/\"]}]},{\"@type\":\"ImageObject\",\"inLanguage\":\"en-US\",\"@id\":\"https:\/\/corvey.de\/ausstellungen\/franz-hoffmann-fallersleben\/#primaryimage\",\"url\":\"https:\/\/corvey.de\/wp-content\/uploads\/2021\/03\/Web-07.jpg\",\"contentUrl\":\"https:\/\/corvey.de\/wp-content\/uploads\/2021\/03\/Web-07.jpg\",\"width\":2165,\"height\":1621},{\"@type\":\"BreadcrumbList\",\"@id\":\"https:\/\/corvey.de\/ausstellungen\/franz-hoffmann-fallersleben\/#breadcrumb\",\"itemListElement\":[{\"@type\":\"ListItem\",\"position\":1,\"name\":\"Home\",\"item\":\"https:\/\/corvey.de\/\"},{\"@type\":\"ListItem\",\"position\":2,\"name\":\"Ausstellungen\",\"item\":\"https:\/\/corvey.de\/besucher__trashed\/ausstellungen\/\"},{\"@type\":\"ListItem\",\"position\":3,\"name\":\"Sonderausstellung: Franz Hoffmann-Fallersleben\"}]},{\"@type\":\"WebSite\",\"@id\":\"https:\/\/corvey.de\/#website\",\"url\":\"https:\/\/corvey.de\/\",\"name\":\"Schloss Corvey\",\"description\":\"\",\"publisher\":{\"@id\":\"https:\/\/corvey.de\/#organization\"},\"potentialAction\":[{\"@type\":\"SearchAction\",\"target\":{\"@type\":\"EntryPoint\",\"urlTemplate\":\"https:\/\/corvey.de\/?s={search_term_string}\"},\"query-input\":{\"@type\":\"PropertyValueSpecification\",\"valueRequired\":true,\"valueName\":\"search_term_string\"}}],\"inLanguage\":\"en-US\"},{\"@type\":\"Organization\",\"@id\":\"https:\/\/corvey.de\/#organization\",\"name\":\"Schloss Corvey\",\"url\":\"https:\/\/corvey.de\/\",\"logo\":{\"@type\":\"ImageObject\",\"inLanguage\":\"en-US\",\"@id\":\"https:\/\/corvey.de\/#\/schema\/logo\/image\/\",\"url\":\"https:\/\/corvey.de\/wp-content\/uploads\/2020\/10\/logo-schloss-corvey.svg\",\"contentUrl\":\"https:\/\/corvey.de\/wp-content\/uploads\/2020\/10\/logo-schloss-corvey.svg\",\"width\":1,\"height\":1,\"caption\":\"Schloss Corvey\"},\"image\":{\"@id\":\"https:\/\/corvey.de\/#\/schema\/logo\/image\/\"}}]}<\/script>\n<!-- \/ Yoast SEO plugin. -->","yoast_head_json":{"title":"Sonderausstellung: Franz Hoffmann-Fallersleben &#8226; Welterbe Corvey","robots":{"index":"index","follow":"follow","max-snippet":"max-snippet:-1","max-image-preview":"max-image-preview:large","max-video-preview":"max-video-preview:-1"},"canonical":"https:\/\/corvey.de\/en\/ausstellungen\/franz-hoffmann-fallersleben\/","og_locale":"en_US","og_type":"article","og_title":"[:de]Sonderausstellung: Franz Hoffmann-Fallersleben[:] &#8226; Welterbe Corvey","og_description":"Der Sohn des Bibliothekars Franz Hoffmann von Fallersleben, Maler in Corvey (1855-1927) Als der bereits 62-j\u00e4hrige August Heinrich Hoffmann von Fallersleben (1798-1874) am 1. Mai 1860 die Stelle als Bibliothekar des Herzogs von Ratibor in Corvey antrat, war sein Sohn Franz gerade einmal f\u00fcnf Jahre alt. Die Mutter wurde kurz nach dem Umzug von einem [&hellip;]","og_url":"https:\/\/corvey.de\/en\/ausstellungen\/franz-hoffmann-fallersleben\/","og_site_name":"Welterbe Corvey","article_modified_time":"2026-04-29T08:43:00+00:00","og_image":[{"width":2165,"height":1621,"url":"https:\/\/corvey.de\/wp-content\/uploads\/2021\/03\/Web-07.jpg","type":"image\/jpeg"}],"twitter_card":"summary_large_image","twitter_misc":{"Est. reading time":"3 minutes"},"schema":{"@context":"https:\/\/schema.org","@graph":[{"@type":"WebPage","@id":"https:\/\/corvey.de\/ausstellungen\/franz-hoffmann-fallersleben\/","url":"https:\/\/corvey.de\/ausstellungen\/franz-hoffmann-fallersleben\/","name":"Sonderausstellung: Franz Hoffmann-Fallersleben","isPartOf":{"@id":"https:\/\/corvey.de\/#website"},"primaryImageOfPage":{"@id":"https:\/\/corvey.de\/ausstellungen\/franz-hoffmann-fallersleben\/#primaryimage"},"image":{"@id":"https:\/\/corvey.de\/ausstellungen\/franz-hoffmann-fallersleben\/#primaryimage"},"thumbnailUrl":"https:\/\/corvey.de\/wp-content\/uploads\/2021\/03\/Web-07.jpg","datePublished":"2021-03-19T10:14:32+00:00","dateModified":"2026-04-29T08:43:00+00:00","breadcrumb":{"@id":"https:\/\/corvey.de\/ausstellungen\/franz-hoffmann-fallersleben\/#breadcrumb"},"inLanguage":"en-US","potentialAction":[{"@type":"ReadAction","target":["https:\/\/corvey.de\/ausstellungen\/franz-hoffmann-fallersleben\/"]}]},{"@type":"ImageObject","inLanguage":"en-US","@id":"https:\/\/corvey.de\/ausstellungen\/franz-hoffmann-fallersleben\/#primaryimage","url":"https:\/\/corvey.de\/wp-content\/uploads\/2021\/03\/Web-07.jpg","contentUrl":"https:\/\/corvey.de\/wp-content\/uploads\/2021\/03\/Web-07.jpg","width":2165,"height":1621},{"@type":"BreadcrumbList","@id":"https:\/\/corvey.de\/ausstellungen\/franz-hoffmann-fallersleben\/#breadcrumb","itemListElement":[{"@type":"ListItem","position":1,"name":"Home","item":"https:\/\/corvey.de\/"},{"@type":"ListItem","position":2,"name":"Ausstellungen","item":"https:\/\/corvey.de\/besucher__trashed\/ausstellungen\/"},{"@type":"ListItem","position":3,"name":"Sonderausstellung: Franz Hoffmann-Fallersleben"}]},{"@type":"WebSite","@id":"https:\/\/corvey.de\/#website","url":"https:\/\/corvey.de\/","name":"Schloss Corvey","description":"","publisher":{"@id":"https:\/\/corvey.de\/#organization"},"potentialAction":[{"@type":"SearchAction","target":{"@type":"EntryPoint","urlTemplate":"https:\/\/corvey.de\/?s={search_term_string}"},"query-input":{"@type":"PropertyValueSpecification","valueRequired":true,"valueName":"search_term_string"}}],"inLanguage":"en-US"},{"@type":"Organization","@id":"https:\/\/corvey.de\/#organization","name":"Schloss Corvey","url":"https:\/\/corvey.de\/","logo":{"@type":"ImageObject","inLanguage":"en-US","@id":"https:\/\/corvey.de\/#\/schema\/logo\/image\/","url":"https:\/\/corvey.de\/wp-content\/uploads\/2020\/10\/logo-schloss-corvey.svg","contentUrl":"https:\/\/corvey.de\/wp-content\/uploads\/2020\/10\/logo-schloss-corvey.svg","width":1,"height":1,"caption":"Schloss Corvey"},"image":{"@id":"https:\/\/corvey.de\/#\/schema\/logo\/image\/"}}]}},"_links":{"self":[{"href":"https:\/\/corvey.de\/en\/wp-json\/wp\/v2\/pages\/1286","targetHints":{"allow":["GET"]}}],"collection":[{"href":"https:\/\/corvey.de\/en\/wp-json\/wp\/v2\/pages"}],"about":[{"href":"https:\/\/corvey.de\/en\/wp-json\/wp\/v2\/types\/page"}],"author":[{"embeddable":true,"href":"https:\/\/corvey.de\/en\/wp-json\/wp\/v2\/users\/3"}],"replies":[{"embeddable":true,"href":"https:\/\/corvey.de\/en\/wp-json\/wp\/v2\/comments?post=1286"}],"version-history":[{"count":28,"href":"https:\/\/corvey.de\/en\/wp-json\/wp\/v2\/pages\/1286\/revisions"}],"predecessor-version":[{"id":3352,"href":"https:\/\/corvey.de\/en\/wp-json\/wp\/v2\/pages\/1286\/revisions\/3352"}],"up":[{"embeddable":true,"href":"https:\/\/corvey.de\/en\/wp-json\/wp\/v2\/pages\/589"}],"wp:featuredmedia":[{"embeddable":true,"href":"https:\/\/corvey.de\/en\/wp-json\/wp\/v2\/media\/1293"}],"wp:attachment":[{"href":"https:\/\/corvey.de\/en\/wp-json\/wp\/v2\/media?parent=1286"}],"curies":[{"name":"wp","href":"https:\/\/api.w.org\/{rel}","templated":true}]}}