{"id":2718,"date":"2024-05-29T12:51:08","date_gmt":"2024-05-29T10:51:08","guid":{"rendered":"https:\/\/corvey.de\/?page_id=2718"},"modified":"2025-05-18T17:06:02","modified_gmt":"2025-05-18T15:06:02","slug":"via-nova-eroeffnung-konzert","status":"publish","type":"page","link":"https:\/\/corvey.de\/en\/via-nova-eroeffnung-konzert\/","title":{"rendered":"VIA NOVA Er\u00f6ffnung, Konzert"},"content":{"rendered":"<p><span class=\"format rot\"><strong>Freitag, 29. August 2025, <\/strong><strong>17.00 Uhr, <\/strong><strong>Schloss Corvey, Kaisersaal<\/strong><\/span><\/p>\n<p><span class=\"format rot\"><strong>Gru\u00dfwort<\/strong><\/span><\/p>\n<p><strong>Ina Brandes<\/strong><br \/>\nMinisterin f\u00fcr Kultur und Wissenschaft<br \/>\ndes Landes Nordrhein-Westfalen<\/p>\n<p><span class=\"format rot\"><strong>Rede zur Er\u00f6ffnung<\/strong><\/span><\/p>\n<p><strong>C\u00e9cile Wajsbrot\u00a0<\/strong><br \/>\nEine freundschaftliche Stimme h\u00f6ren<\/p>\n<p><span class=\"format rot\"><strong>Konzert<\/strong><\/span><\/p>\n<p><strong>Felix Brunnenkant<\/strong><br \/>\nJohann Sebastian Bach (1685 \u2013 1750)<br \/>\nSuite f\u00fcr Violoncello solo Nr. 4 in Es-Dur BWV 1010<\/p>\n<p><span class=\"format rot\"><strong>Einf\u00fchrung<\/strong><\/span><\/p>\n<p><strong>Brigitte Labs-Ehlert<\/strong><br \/>\nDas sch\u00f6ne Bild der Freundschaft<\/p>\n<p>C\u00e9cile Wajsbrot hat ihre Rede mit \u2039eine freundschaftliche Stimme h\u00f6ren\u203a \u00fcberschrieben, die etwas anderes bedeutet, als eine freundliche Stimme zu h\u00f6ren. Sie ist eine geschichts- und sprachbewu\u00dfte Schriftstellerin, die sich der Lost Generation zuordnet, jener Generation der Nachgeborenen, die ihren eigenen Weg der Erinnerung finden mu\u00dfte \u00fcber das Verschweigen, verdr\u00e4ngte Schuld, unerf\u00fcllte Hoffnung, die Zerbrechlichkeit der Menschen. Ihre Rede und viele Lesungen des Kunstfestes verbinden sich miteinander: \u2039Wir haben keinen Krieg erlebt, wir sind nicht unbedingt im Exil, wir geh\u00f6ren zum alten Kontinent und nicht zur neuen Welt, und doch sind auch wir lost, desorientiert, ein wenig verloren und irren mitunter durch die Zeiten.\u203a In einem Essay spricht C\u00e9cile Wajsbrot von dem schwierigen Bem\u00fchen, an der im Werden begriffenen Welt teilzunehmen. Der Titel erinnert auch an das Ausbleiben von Freundschaft, Verst\u00e4ndnis und Empathie, das sie im Frankreich ihrer Jugend als Kind polnisch-j\u00fcdischer Eltern erlebt hat. \u2039In meinen B\u00fcchern arbeite ich mit Stimmen, denn es sind Stimmen, die mir etwas erz\u00e4hlt haben, und andere Stimmen, die verstummt sind.\u203a \u00a0Das ist keine R\u00fcckwendung zur Vergangenheit, sondern bedeutet den Blick zu heben und in die Ferne zu blicken, zum Horizont hin. Ist dort die freundschaftliche Stimme zu h\u00f6ren und von wem oder was t\u00f6nt sie her\u00fcber?<br \/>\nDer junge Cellist Felix Brunnenkant spielt ein Violoncello von Francesco Ruggeri, Cremona 1670, das ihm die Deutsche Stiftung Musikleben zur Verf\u00fcgung stellt.<\/p>\n<p><strong>Eintritt 20 \u20ac inkl. Suppe,\u00a0Freie Platzwahl<\/strong><\/p>\n<p><span style=\"color: #0000ff;\"><strong><u><a style=\"color: #0000ff;\" href=\"https:\/\/docs.google.com\/forms\/d\/e\/1FAIpQLScANBAlkPcmYL8hsSsCDCTbwFh2_kOjm8_ljmWKYbeOR02f1g\/viewform\">[Kartenbestellungen online]<\/a><\/u><\/strong><\/span><\/p>\n<p><span style=\"color: #0000ff;\"><strong>Per E-Mail:<\/strong><strong> [<u><a style=\"color: #0000ff;\" href=\"mailto:vianova@corvey.de\">vianova@corvey.de]<\/a><\/u><\/strong><\/span><\/p>\n<p><span style=\"color: #0000ff;\"><strong><u><a style=\"color: #0000ff;\" href=\"tel:00495231570150\">Telefonservice: [05231 570150]<\/a><\/u><\/strong><\/span><\/p>\n<p>&nbsp;<\/p>\n","protected":false},"excerpt":{"rendered":"<p>Freitag, 29. August 2025, 17.00 Uhr, Schloss Corvey, Kaisersaal Gru\u00dfwort Ina Brandes Ministerin f\u00fcr Kultur und Wissenschaft des Landes Nordrhein-Westfalen Rede zur Er\u00f6ffnung C\u00e9cile Wajsbrot\u00a0 Eine freundschaftliche Stimme h\u00f6ren Konzert Felix Brunnenkant Johann Sebastian Bach (1685 \u2013 1750) Suite f\u00fcr Violoncello solo Nr. 4 in Es-Dur BWV 1010 Einf\u00fchrung Brigitte Labs-Ehlert Das sch\u00f6ne Bild der [&hellip;]<\/p>\n","protected":false},"author":3,"featured_media":3102,"parent":0,"menu_order":0,"comment_status":"closed","ping_status":"closed","template":"","meta":{"_acf_changed":false,"footnotes":""},"class_list":["post-2718","page","type-page","status-publish","has-post-thumbnail","hentry"],"acf":[],"yoast_head":"<!-- This site is optimized with the Yoast SEO plugin v24.0 - https:\/\/yoast.com\/wordpress\/plugins\/seo\/ -->\n<title>VIA NOVA Er\u00f6ffnung, Konzert &#8226; Welterbe Corvey<\/title>\n<meta name=\"robots\" content=\"index, follow, max-snippet:-1, max-image-preview:large, max-video-preview:-1\" \/>\n<link rel=\"canonical\" href=\"https:\/\/corvey.de\/en\/via-nova-eroeffnung-konzert\/\" \/>\n<meta property=\"og:locale\" content=\"en_US\" \/>\n<meta property=\"og:locale:alternate\" content=\"de_DE\" \/>\n<meta property=\"og:type\" content=\"article\" \/>\n<meta property=\"og:title\" content=\"VIA NOVA Er\u00f6ffnung, Konzert\" \/>\n<meta property=\"og:description\" content=\"Freitag, 29. August 2025, 17.00 Uhr, Schloss Corvey, Kaisersaal Gru\u00dfwort Ina Brandes Ministerin f\u00fcr Kultur und Wissenschaft des Landes Nordrhein-Westfalen Rede zur Er\u00f6ffnung C\u00e9cile Wajsbrot\u00a0 Eine freundschaftliche Stimme h\u00f6ren Konzert Felix Brunnenkant Johann Sebastian Bach (1685 \u2013 1750) Suite f\u00fcr Violoncello solo Nr. 4 in Es-Dur BWV 1010 Einf\u00fchrung Brigitte Labs-Ehlert Das sch\u00f6ne Bild der [&hellip;]\" \/>\n<meta property=\"og:url\" content=\"https:\/\/corvey.de\/en\/via-nova-eroeffnung-konzert\/\" \/>\n<meta property=\"og:site_name\" content=\"Welterbe Corvey\" \/>\n<meta property=\"article:modified_time\" content=\"2025-05-18T15:06:02+00:00\" \/>\n<meta property=\"og:image\" content=\"https:\/\/corvey.de\/wp-content\/uploads\/2025\/05\/1_Web-Titel-1024x724.png\" \/>\n\t<meta property=\"og:image:width\" content=\"1024\" \/>\n\t<meta property=\"og:image:height\" content=\"724\" \/>\n\t<meta property=\"og:image:type\" content=\"image\/png\" \/>\n<meta name=\"twitter:card\" content=\"summary_large_image\" \/>\n<meta name=\"twitter:label1\" content=\"Est. reading time\" \/>\n\t<meta name=\"twitter:data1\" content=\"2 minutes\" \/>\n<script type=\"application\/ld+json\" class=\"yoast-schema-graph\">{\"@context\":\"https:\/\/schema.org\",\"@graph\":[{\"@type\":\"WebPage\",\"@id\":\"https:\/\/corvey.de\/via-nova-eroeffnung-konzert\/\",\"url\":\"https:\/\/corvey.de\/via-nova-eroeffnung-konzert\/\",\"name\":\"VIA NOVA Er\u00f6ffnung, Konzert\",\"isPartOf\":{\"@id\":\"https:\/\/corvey.de\/#website\"},\"primaryImageOfPage\":{\"@id\":\"https:\/\/corvey.de\/via-nova-eroeffnung-konzert\/#primaryimage\"},\"image\":{\"@id\":\"https:\/\/corvey.de\/via-nova-eroeffnung-konzert\/#primaryimage\"},\"thumbnailUrl\":\"https:\/\/corvey.de\/wp-content\/uploads\/2025\/05\/1_Web-Titel.png\",\"datePublished\":\"2024-05-29T10:51:08+00:00\",\"dateModified\":\"2025-05-18T15:06:02+00:00\",\"breadcrumb\":{\"@id\":\"https:\/\/corvey.de\/via-nova-eroeffnung-konzert\/#breadcrumb\"},\"inLanguage\":\"en-US\",\"potentialAction\":[{\"@type\":\"ReadAction\",\"target\":[\"https:\/\/corvey.de\/via-nova-eroeffnung-konzert\/\"]}]},{\"@type\":\"ImageObject\",\"inLanguage\":\"en-US\",\"@id\":\"https:\/\/corvey.de\/via-nova-eroeffnung-konzert\/#primaryimage\",\"url\":\"https:\/\/corvey.de\/wp-content\/uploads\/2025\/05\/1_Web-Titel.png\",\"contentUrl\":\"https:\/\/corvey.de\/wp-content\/uploads\/2025\/05\/1_Web-Titel.png\",\"width\":3507,\"height\":2480},{\"@type\":\"BreadcrumbList\",\"@id\":\"https:\/\/corvey.de\/via-nova-eroeffnung-konzert\/#breadcrumb\",\"itemListElement\":[{\"@type\":\"ListItem\",\"position\":1,\"name\":\"Home\",\"item\":\"https:\/\/corvey.de\/\"},{\"@type\":\"ListItem\",\"position\":2,\"name\":\"VIA NOVA Er\u00f6ffnung, Konzert\"}]},{\"@type\":\"WebSite\",\"@id\":\"https:\/\/corvey.de\/#website\",\"url\":\"https:\/\/corvey.de\/\",\"name\":\"Schloss Corvey\",\"description\":\"\",\"publisher\":{\"@id\":\"https:\/\/corvey.de\/#organization\"},\"potentialAction\":[{\"@type\":\"SearchAction\",\"target\":{\"@type\":\"EntryPoint\",\"urlTemplate\":\"https:\/\/corvey.de\/?s={search_term_string}\"},\"query-input\":{\"@type\":\"PropertyValueSpecification\",\"valueRequired\":true,\"valueName\":\"search_term_string\"}}],\"inLanguage\":\"en-US\"},{\"@type\":\"Organization\",\"@id\":\"https:\/\/corvey.de\/#organization\",\"name\":\"Schloss Corvey\",\"url\":\"https:\/\/corvey.de\/\",\"logo\":{\"@type\":\"ImageObject\",\"inLanguage\":\"en-US\",\"@id\":\"https:\/\/corvey.de\/#\/schema\/logo\/image\/\",\"url\":\"https:\/\/corvey.de\/wp-content\/uploads\/2020\/10\/logo-schloss-corvey.svg\",\"contentUrl\":\"https:\/\/corvey.de\/wp-content\/uploads\/2020\/10\/logo-schloss-corvey.svg\",\"width\":1,\"height\":1,\"caption\":\"Schloss Corvey\"},\"image\":{\"@id\":\"https:\/\/corvey.de\/#\/schema\/logo\/image\/\"}}]}<\/script>\n<!-- \/ Yoast SEO plugin. -->","yoast_head_json":{"title":"VIA NOVA Er\u00f6ffnung, Konzert &#8226; Welterbe Corvey","robots":{"index":"index","follow":"follow","max-snippet":"max-snippet:-1","max-image-preview":"max-image-preview:large","max-video-preview":"max-video-preview:-1"},"canonical":"https:\/\/corvey.de\/en\/via-nova-eroeffnung-konzert\/","og_locale":"en_US","og_type":"article","og_title":"[:de]VIA NOVA Er\u00f6ffnung, Konzert[:] &#8226; Welterbe Corvey","og_description":"Freitag, 29. August 2025, 17.00 Uhr, Schloss Corvey, Kaisersaal Gru\u00dfwort Ina Brandes Ministerin f\u00fcr Kultur und Wissenschaft des Landes Nordrhein-Westfalen Rede zur Er\u00f6ffnung C\u00e9cile Wajsbrot\u00a0 Eine freundschaftliche Stimme h\u00f6ren Konzert Felix Brunnenkant Johann Sebastian Bach (1685 \u2013 1750) Suite f\u00fcr Violoncello solo Nr. 4 in Es-Dur BWV 1010 Einf\u00fchrung Brigitte Labs-Ehlert Das sch\u00f6ne Bild der [&hellip;]","og_url":"https:\/\/corvey.de\/en\/via-nova-eroeffnung-konzert\/","og_site_name":"Welterbe Corvey","article_modified_time":"2025-05-18T15:06:02+00:00","og_image":[{"width":1024,"height":724,"url":"https:\/\/corvey.de\/wp-content\/uploads\/2025\/05\/1_Web-Titel-1024x724.png","type":"image\/png"}],"twitter_card":"summary_large_image","twitter_misc":{"Est. reading time":"2 minutes"},"schema":{"@context":"https:\/\/schema.org","@graph":[{"@type":"WebPage","@id":"https:\/\/corvey.de\/via-nova-eroeffnung-konzert\/","url":"https:\/\/corvey.de\/via-nova-eroeffnung-konzert\/","name":"VIA NOVA Er\u00f6ffnung, Konzert","isPartOf":{"@id":"https:\/\/corvey.de\/#website"},"primaryImageOfPage":{"@id":"https:\/\/corvey.de\/via-nova-eroeffnung-konzert\/#primaryimage"},"image":{"@id":"https:\/\/corvey.de\/via-nova-eroeffnung-konzert\/#primaryimage"},"thumbnailUrl":"https:\/\/corvey.de\/wp-content\/uploads\/2025\/05\/1_Web-Titel.png","datePublished":"2024-05-29T10:51:08+00:00","dateModified":"2025-05-18T15:06:02+00:00","breadcrumb":{"@id":"https:\/\/corvey.de\/via-nova-eroeffnung-konzert\/#breadcrumb"},"inLanguage":"en-US","potentialAction":[{"@type":"ReadAction","target":["https:\/\/corvey.de\/via-nova-eroeffnung-konzert\/"]}]},{"@type":"ImageObject","inLanguage":"en-US","@id":"https:\/\/corvey.de\/via-nova-eroeffnung-konzert\/#primaryimage","url":"https:\/\/corvey.de\/wp-content\/uploads\/2025\/05\/1_Web-Titel.png","contentUrl":"https:\/\/corvey.de\/wp-content\/uploads\/2025\/05\/1_Web-Titel.png","width":3507,"height":2480},{"@type":"BreadcrumbList","@id":"https:\/\/corvey.de\/via-nova-eroeffnung-konzert\/#breadcrumb","itemListElement":[{"@type":"ListItem","position":1,"name":"Home","item":"https:\/\/corvey.de\/"},{"@type":"ListItem","position":2,"name":"VIA NOVA Er\u00f6ffnung, Konzert"}]},{"@type":"WebSite","@id":"https:\/\/corvey.de\/#website","url":"https:\/\/corvey.de\/","name":"Schloss Corvey","description":"","publisher":{"@id":"https:\/\/corvey.de\/#organization"},"potentialAction":[{"@type":"SearchAction","target":{"@type":"EntryPoint","urlTemplate":"https:\/\/corvey.de\/?s={search_term_string}"},"query-input":{"@type":"PropertyValueSpecification","valueRequired":true,"valueName":"search_term_string"}}],"inLanguage":"en-US"},{"@type":"Organization","@id":"https:\/\/corvey.de\/#organization","name":"Schloss Corvey","url":"https:\/\/corvey.de\/","logo":{"@type":"ImageObject","inLanguage":"en-US","@id":"https:\/\/corvey.de\/#\/schema\/logo\/image\/","url":"https:\/\/corvey.de\/wp-content\/uploads\/2020\/10\/logo-schloss-corvey.svg","contentUrl":"https:\/\/corvey.de\/wp-content\/uploads\/2020\/10\/logo-schloss-corvey.svg","width":1,"height":1,"caption":"Schloss Corvey"},"image":{"@id":"https:\/\/corvey.de\/#\/schema\/logo\/image\/"}}]}},"_links":{"self":[{"href":"https:\/\/corvey.de\/en\/wp-json\/wp\/v2\/pages\/2718","targetHints":{"allow":["GET"]}}],"collection":[{"href":"https:\/\/corvey.de\/en\/wp-json\/wp\/v2\/pages"}],"about":[{"href":"https:\/\/corvey.de\/en\/wp-json\/wp\/v2\/types\/page"}],"author":[{"embeddable":true,"href":"https:\/\/corvey.de\/en\/wp-json\/wp\/v2\/users\/3"}],"replies":[{"embeddable":true,"href":"https:\/\/corvey.de\/en\/wp-json\/wp\/v2\/comments?post=2718"}],"version-history":[{"count":15,"href":"https:\/\/corvey.de\/en\/wp-json\/wp\/v2\/pages\/2718\/revisions"}],"predecessor-version":[{"id":3147,"href":"https:\/\/corvey.de\/en\/wp-json\/wp\/v2\/pages\/2718\/revisions\/3147"}],"wp:featuredmedia":[{"embeddable":true,"href":"https:\/\/corvey.de\/en\/wp-json\/wp\/v2\/media\/3102"}],"wp:attachment":[{"href":"https:\/\/corvey.de\/en\/wp-json\/wp\/v2\/media?parent=2718"}],"curies":[{"name":"wp","href":"https:\/\/api.w.org\/{rel}","templated":true}]}}