{"id":531,"date":"2020-10-13T11:46:10","date_gmt":"2020-10-13T09:46:10","guid":{"rendered":"https:\/\/corvey.de\/?page_id=531"},"modified":"2025-03-12T11:01:54","modified_gmt":"2025-03-12T10:01:54","slug":"von-der-reichsbabtei-zum-weltkulturerbe","status":"publish","type":"page","link":"https:\/\/corvey.de\/en\/fuehrungen\/themenfuehrungen\/von-der-reichsbabtei-zum-weltkulturerbe\/","title":{"rendered":"Corvey Remtergarten"},"content":{"rendered":"<p><strong>F\u00fchrung: Remtergarten klassisch<\/strong><\/p>\n<p>Zu einem Kloster geh\u00f6rt auch ein Klostergarten, so jedenfalls hat es der hl. Benedikt in seiner Regel festgelegt. In Corvey wurde der ehemalige Remtergarten f\u00fcr die Landesgartenschau 2023 modern interpretiert und neu angelegt. Er diente im 18. Jahrhundert als K\u00fcchengarten f\u00fcr die Versorgung des Konvents. Heute wachsen im Apothekergarten wieder Arzneipflanzen aufgeteilt nach Anwendungsbereichen, z. B. Pflanzen, die gut bei Erk\u00e4ltung wirken oder gut f\u00fcr die Gelenke sind. Im K\u00fcchengartenkabinett erfahren Sie, wie sich die Mahlzeiten in der Bauernstube von denen im f\u00fcrstlichen Festsaal unterschieden. W\u00e4hrend einer F\u00fchrung durch Kr\u00e4uter- und Gem\u00fcsebeete, Spaliere und Hecken h\u00f6ren Sie nicht nur allerlei \u201eInteressantes\u201c sondern k\u00f6nnen dabei auch die farbenpr\u00e4chtigen Blumenbeete genie\u00dfen.<\/p>\n<p>Dauer: 1 Std.<\/p>\n<p>Preis: 70 \u20ac pro F\u00fchrung zzgl. Eintritt (max. 25 Personen)<\/p>\n<p>&nbsp;<\/p>\n<p><strong>F\u00fchrung: Der Remtergarten und die Rose <\/strong><\/p>\n<p>Nach einer kurzen Einf\u00fchrung zur Entstehung des Remtergartens r\u00fcckt die Rose in den Mittelpunkt der Betrachtungen. Schon im antiken G\u00f6tterhimmel war die Rose ein Symbol f\u00fcr hingebungsvolle Liebe und Sch\u00f6nheit, f\u00fcr Jugend und Freude. Auch Dichter lie\u00dfen zu allen Zeiten die Rose in ihren Werken zu einem unsterblichen Symbol der Liebe und Treue werden. Bei dieser F\u00fchrung k\u00f6nnen die Besucher interessanten Spuren aus Mythologie, Christentum und Literatur folgen.<\/p>\n<p>Dauer: 1 Std.<\/p>\n<p>Preis: 70 \u20ac pro F\u00fchrung zzgl. Eintritt (max. 25 Personen)<\/p>\n<p><strong><a style=\"color: #3366ff;\" href=\"https:\/\/corvey.de\/fuehrung-buchen\/\">[hier buchen]<\/a><\/strong><\/p>\n<p><strong><a href=\"tel:0049527168168\">Annette Beckert, Tel.: [05271 68168]<\/a><\/strong><\/p>\n","protected":false},"excerpt":{"rendered":"<p>F\u00fchrung: Remtergarten klassisch Zu einem Kloster geh\u00f6rt auch ein Klostergarten, so jedenfalls hat es der hl. Benedikt in seiner Regel festgelegt. In Corvey wurde der ehemalige Remtergarten f\u00fcr die Landesgartenschau 2023 modern interpretiert und neu angelegt. Er diente im 18. Jahrhundert als K\u00fcchengarten f\u00fcr die Versorgung des Konvents. Heute wachsen im Apothekergarten wieder Arzneipflanzen aufgeteilt [&hellip;]<\/p>\n","protected":false},"author":1,"featured_media":2460,"parent":527,"menu_order":4,"comment_status":"closed","ping_status":"closed","template":"","meta":{"_acf_changed":false,"footnotes":""},"class_list":["post-531","page","type-page","status-publish","has-post-thumbnail","hentry"],"acf":[],"yoast_head":"<!-- This site is optimized with the Yoast SEO plugin v24.0 - https:\/\/yoast.com\/wordpress\/plugins\/seo\/ -->\n<title>Corvey Remtergarten &#8226; Welterbe Corvey<\/title>\n<meta name=\"robots\" content=\"index, follow, max-snippet:-1, max-image-preview:large, max-video-preview:-1\" \/>\n<link rel=\"canonical\" href=\"https:\/\/corvey.de\/en\/fuehrungen\/themenfuehrungen\/von-der-reichsbabtei-zum-weltkulturerbe\/\" \/>\n<meta property=\"og:locale\" content=\"en_US\" \/>\n<meta property=\"og:locale:alternate\" content=\"de_DE\" \/>\n<meta property=\"og:type\" content=\"article\" \/>\n<meta property=\"og:title\" content=\"Corvey Remtergarten\" \/>\n<meta property=\"og:description\" content=\"F\u00fchrung: Remtergarten klassisch Zu einem Kloster geh\u00f6rt auch ein Klostergarten, so jedenfalls hat es der hl. Benedikt in seiner Regel festgelegt. In Corvey wurde der ehemalige Remtergarten f\u00fcr die Landesgartenschau 2023 modern interpretiert und neu angelegt. Er diente im 18. Jahrhundert als K\u00fcchengarten f\u00fcr die Versorgung des Konvents. Heute wachsen im Apothekergarten wieder Arzneipflanzen aufgeteilt [&hellip;]\" \/>\n<meta property=\"og:url\" content=\"https:\/\/corvey.de\/en\/fuehrungen\/themenfuehrungen\/von-der-reichsbabtei-zum-weltkulturerbe\/\" \/>\n<meta property=\"og:site_name\" content=\"Welterbe Corvey\" \/>\n<meta property=\"article:modified_time\" content=\"2025-03-12T10:01:54+00:00\" \/>\n<meta property=\"og:image\" content=\"https:\/\/corvey.de\/wp-content\/uploads\/2024\/03\/Baum_Remtergarten_Dahlien_Westwerk-scaled.jpg\" \/>\n\t<meta property=\"og:image:width\" content=\"2560\" \/>\n\t<meta property=\"og:image:height\" content=\"1920\" \/>\n\t<meta property=\"og:image:type\" content=\"image\/jpeg\" \/>\n<meta name=\"twitter:card\" content=\"summary_large_image\" \/>\n<meta name=\"twitter:label1\" content=\"Est. reading time\" \/>\n\t<meta name=\"twitter:data1\" content=\"2 minutes\" \/>\n<script type=\"application\/ld+json\" class=\"yoast-schema-graph\">{\"@context\":\"https:\/\/schema.org\",\"@graph\":[{\"@type\":\"WebPage\",\"@id\":\"https:\/\/corvey.de\/fuehrungen\/themenfuehrungen\/von-der-reichsbabtei-zum-weltkulturerbe\/\",\"url\":\"https:\/\/corvey.de\/fuehrungen\/themenfuehrungen\/von-der-reichsbabtei-zum-weltkulturerbe\/\",\"name\":\"Corvey Remtergarten\",\"isPartOf\":{\"@id\":\"https:\/\/corvey.de\/#website\"},\"primaryImageOfPage\":{\"@id\":\"https:\/\/corvey.de\/fuehrungen\/themenfuehrungen\/von-der-reichsbabtei-zum-weltkulturerbe\/#primaryimage\"},\"image\":{\"@id\":\"https:\/\/corvey.de\/fuehrungen\/themenfuehrungen\/von-der-reichsbabtei-zum-weltkulturerbe\/#primaryimage\"},\"thumbnailUrl\":\"https:\/\/corvey.de\/wp-content\/uploads\/2024\/03\/Baum_Remtergarten_Dahlien_Westwerk-scaled.jpg\",\"datePublished\":\"2020-10-13T09:46:10+00:00\",\"dateModified\":\"2025-03-12T10:01:54+00:00\",\"breadcrumb\":{\"@id\":\"https:\/\/corvey.de\/fuehrungen\/themenfuehrungen\/von-der-reichsbabtei-zum-weltkulturerbe\/#breadcrumb\"},\"inLanguage\":\"en-US\",\"potentialAction\":[{\"@type\":\"ReadAction\",\"target\":[\"https:\/\/corvey.de\/fuehrungen\/themenfuehrungen\/von-der-reichsbabtei-zum-weltkulturerbe\/\"]}]},{\"@type\":\"ImageObject\",\"inLanguage\":\"en-US\",\"@id\":\"https:\/\/corvey.de\/fuehrungen\/themenfuehrungen\/von-der-reichsbabtei-zum-weltkulturerbe\/#primaryimage\",\"url\":\"https:\/\/corvey.de\/wp-content\/uploads\/2024\/03\/Baum_Remtergarten_Dahlien_Westwerk-scaled.jpg\",\"contentUrl\":\"https:\/\/corvey.de\/wp-content\/uploads\/2024\/03\/Baum_Remtergarten_Dahlien_Westwerk-scaled.jpg\",\"width\":2560,\"height\":1920},{\"@type\":\"BreadcrumbList\",\"@id\":\"https:\/\/corvey.de\/fuehrungen\/themenfuehrungen\/von-der-reichsbabtei-zum-weltkulturerbe\/#breadcrumb\",\"itemListElement\":[{\"@type\":\"ListItem\",\"position\":1,\"name\":\"Home\",\"item\":\"https:\/\/corvey.de\/\"},{\"@type\":\"ListItem\",\"position\":2,\"name\":\"F\u00fchrungen\",\"item\":\"https:\/\/corvey.de\/fuehrungen\/\"},{\"@type\":\"ListItem\",\"position\":3,\"name\":\"Themen\u00adf\u00fchrungen\",\"item\":\"https:\/\/corvey.de\/fuehrungen\/themenfuehrungen\/\"},{\"@type\":\"ListItem\",\"position\":4,\"name\":\"Corvey Remtergarten\"}]},{\"@type\":\"WebSite\",\"@id\":\"https:\/\/corvey.de\/#website\",\"url\":\"https:\/\/corvey.de\/\",\"name\":\"Schloss Corvey\",\"description\":\"\",\"publisher\":{\"@id\":\"https:\/\/corvey.de\/#organization\"},\"potentialAction\":[{\"@type\":\"SearchAction\",\"target\":{\"@type\":\"EntryPoint\",\"urlTemplate\":\"https:\/\/corvey.de\/?s={search_term_string}\"},\"query-input\":{\"@type\":\"PropertyValueSpecification\",\"valueRequired\":true,\"valueName\":\"search_term_string\"}}],\"inLanguage\":\"en-US\"},{\"@type\":\"Organization\",\"@id\":\"https:\/\/corvey.de\/#organization\",\"name\":\"Schloss Corvey\",\"url\":\"https:\/\/corvey.de\/\",\"logo\":{\"@type\":\"ImageObject\",\"inLanguage\":\"en-US\",\"@id\":\"https:\/\/corvey.de\/#\/schema\/logo\/image\/\",\"url\":\"https:\/\/corvey.de\/wp-content\/uploads\/2020\/10\/logo-schloss-corvey.svg\",\"contentUrl\":\"https:\/\/corvey.de\/wp-content\/uploads\/2020\/10\/logo-schloss-corvey.svg\",\"width\":1,\"height\":1,\"caption\":\"Schloss Corvey\"},\"image\":{\"@id\":\"https:\/\/corvey.de\/#\/schema\/logo\/image\/\"}}]}<\/script>\n<!-- \/ Yoast SEO plugin. -->","yoast_head_json":{"title":"Corvey Remtergarten &#8226; Welterbe Corvey","robots":{"index":"index","follow":"follow","max-snippet":"max-snippet:-1","max-image-preview":"max-image-preview:large","max-video-preview":"max-video-preview:-1"},"canonical":"https:\/\/corvey.de\/en\/fuehrungen\/themenfuehrungen\/von-der-reichsbabtei-zum-weltkulturerbe\/","og_locale":"en_US","og_type":"article","og_title":"[:de]Corvey Remtergarten[:] &#8226; Welterbe Corvey","og_description":"F\u00fchrung: Remtergarten klassisch Zu einem Kloster geh\u00f6rt auch ein Klostergarten, so jedenfalls hat es der hl. Benedikt in seiner Regel festgelegt. In Corvey wurde der ehemalige Remtergarten f\u00fcr die Landesgartenschau 2023 modern interpretiert und neu angelegt. Er diente im 18. Jahrhundert als K\u00fcchengarten f\u00fcr die Versorgung des Konvents. Heute wachsen im Apothekergarten wieder Arzneipflanzen aufgeteilt [&hellip;]","og_url":"https:\/\/corvey.de\/en\/fuehrungen\/themenfuehrungen\/von-der-reichsbabtei-zum-weltkulturerbe\/","og_site_name":"Welterbe Corvey","article_modified_time":"2025-03-12T10:01:54+00:00","og_image":[{"width":2560,"height":1920,"url":"https:\/\/corvey.de\/wp-content\/uploads\/2024\/03\/Baum_Remtergarten_Dahlien_Westwerk-scaled.jpg","type":"image\/jpeg"}],"twitter_card":"summary_large_image","twitter_misc":{"Est. reading time":"2 minutes"},"schema":{"@context":"https:\/\/schema.org","@graph":[{"@type":"WebPage","@id":"https:\/\/corvey.de\/fuehrungen\/themenfuehrungen\/von-der-reichsbabtei-zum-weltkulturerbe\/","url":"https:\/\/corvey.de\/fuehrungen\/themenfuehrungen\/von-der-reichsbabtei-zum-weltkulturerbe\/","name":"Corvey Remtergarten","isPartOf":{"@id":"https:\/\/corvey.de\/#website"},"primaryImageOfPage":{"@id":"https:\/\/corvey.de\/fuehrungen\/themenfuehrungen\/von-der-reichsbabtei-zum-weltkulturerbe\/#primaryimage"},"image":{"@id":"https:\/\/corvey.de\/fuehrungen\/themenfuehrungen\/von-der-reichsbabtei-zum-weltkulturerbe\/#primaryimage"},"thumbnailUrl":"https:\/\/corvey.de\/wp-content\/uploads\/2024\/03\/Baum_Remtergarten_Dahlien_Westwerk-scaled.jpg","datePublished":"2020-10-13T09:46:10+00:00","dateModified":"2025-03-12T10:01:54+00:00","breadcrumb":{"@id":"https:\/\/corvey.de\/fuehrungen\/themenfuehrungen\/von-der-reichsbabtei-zum-weltkulturerbe\/#breadcrumb"},"inLanguage":"en-US","potentialAction":[{"@type":"ReadAction","target":["https:\/\/corvey.de\/fuehrungen\/themenfuehrungen\/von-der-reichsbabtei-zum-weltkulturerbe\/"]}]},{"@type":"ImageObject","inLanguage":"en-US","@id":"https:\/\/corvey.de\/fuehrungen\/themenfuehrungen\/von-der-reichsbabtei-zum-weltkulturerbe\/#primaryimage","url":"https:\/\/corvey.de\/wp-content\/uploads\/2024\/03\/Baum_Remtergarten_Dahlien_Westwerk-scaled.jpg","contentUrl":"https:\/\/corvey.de\/wp-content\/uploads\/2024\/03\/Baum_Remtergarten_Dahlien_Westwerk-scaled.jpg","width":2560,"height":1920},{"@type":"BreadcrumbList","@id":"https:\/\/corvey.de\/fuehrungen\/themenfuehrungen\/von-der-reichsbabtei-zum-weltkulturerbe\/#breadcrumb","itemListElement":[{"@type":"ListItem","position":1,"name":"Home","item":"https:\/\/corvey.de\/"},{"@type":"ListItem","position":2,"name":"F\u00fchrungen","item":"https:\/\/corvey.de\/fuehrungen\/"},{"@type":"ListItem","position":3,"name":"Themen\u00adf\u00fchrungen","item":"https:\/\/corvey.de\/fuehrungen\/themenfuehrungen\/"},{"@type":"ListItem","position":4,"name":"Corvey Remtergarten"}]},{"@type":"WebSite","@id":"https:\/\/corvey.de\/#website","url":"https:\/\/corvey.de\/","name":"Schloss Corvey","description":"","publisher":{"@id":"https:\/\/corvey.de\/#organization"},"potentialAction":[{"@type":"SearchAction","target":{"@type":"EntryPoint","urlTemplate":"https:\/\/corvey.de\/?s={search_term_string}"},"query-input":{"@type":"PropertyValueSpecification","valueRequired":true,"valueName":"search_term_string"}}],"inLanguage":"en-US"},{"@type":"Organization","@id":"https:\/\/corvey.de\/#organization","name":"Schloss Corvey","url":"https:\/\/corvey.de\/","logo":{"@type":"ImageObject","inLanguage":"en-US","@id":"https:\/\/corvey.de\/#\/schema\/logo\/image\/","url":"https:\/\/corvey.de\/wp-content\/uploads\/2020\/10\/logo-schloss-corvey.svg","contentUrl":"https:\/\/corvey.de\/wp-content\/uploads\/2020\/10\/logo-schloss-corvey.svg","width":1,"height":1,"caption":"Schloss Corvey"},"image":{"@id":"https:\/\/corvey.de\/#\/schema\/logo\/image\/"}}]}},"_links":{"self":[{"href":"https:\/\/corvey.de\/en\/wp-json\/wp\/v2\/pages\/531","targetHints":{"allow":["GET"]}}],"collection":[{"href":"https:\/\/corvey.de\/en\/wp-json\/wp\/v2\/pages"}],"about":[{"href":"https:\/\/corvey.de\/en\/wp-json\/wp\/v2\/types\/page"}],"author":[{"embeddable":true,"href":"https:\/\/corvey.de\/en\/wp-json\/wp\/v2\/users\/1"}],"replies":[{"embeddable":true,"href":"https:\/\/corvey.de\/en\/wp-json\/wp\/v2\/comments?post=531"}],"version-history":[{"count":13,"href":"https:\/\/corvey.de\/en\/wp-json\/wp\/v2\/pages\/531\/revisions"}],"predecessor-version":[{"id":2964,"href":"https:\/\/corvey.de\/en\/wp-json\/wp\/v2\/pages\/531\/revisions\/2964"}],"up":[{"embeddable":true,"href":"https:\/\/corvey.de\/en\/wp-json\/wp\/v2\/pages\/527"}],"wp:featuredmedia":[{"embeddable":true,"href":"https:\/\/corvey.de\/en\/wp-json\/wp\/v2\/media\/2460"}],"wp:attachment":[{"href":"https:\/\/corvey.de\/en\/wp-json\/wp\/v2\/media?parent=531"}],"curies":[{"name":"wp","href":"https:\/\/api.w.org\/{rel}","templated":true}]}}