{"id":1902,"date":"2022-09-06T12:33:41","date_gmt":"2022-09-06T10:33:41","guid":{"rendered":"https:\/\/corvey.de\/?post_type=veranstaltungen&#038;p=1902"},"modified":"2026-03-24T17:26:10","modified_gmt":"2026-03-24T16:26:10","slug":"corveyer-sommerkonzerte-2023","status":"publish","type":"veranstaltungen","link":"https:\/\/corvey.de\/en\/veranstaltung\/corveyer-sommerkonzerte-2023\/","title":{"rendered":"Corveyer Sommerkonzerte 2026"},"content":{"rendered":"<p>Verehrtes Publikum, liebe Musikfreunde,<\/p>\n<p>ich freue mich, Ihnen als neuer k\u00fcnstlerischer Leiter das aktuelle Programm der beliebten Veranstaltungsreihe \u201eCorveyer Sommerkonzerte pr\u00e4sentieren Stars von morgen\u201c vorzustellen.<\/p>\n<p>Seien Sie herzlich eingeladen, an diesen Konzerten im Kaisersaal von Schloss Corvey teilzunehmen. M\u00f6ge die Frische der jungen K\u00fcnstler, gepaart mit arrivierten Ensembles, Sie als unser Publikum inspirieren und Ihnen unvergessliche musikalische Erlebnisse bescheren!<\/p>\n<p>Andreas Kuntze, k\u00fcnstlerischen Leiter<\/p>\n<p>&nbsp;<\/p>\n<p><strong>Die Konzerttermine 2026 sind:<\/strong><\/p>\n<p>&nbsp;<\/p>\n<p><span class=\"format rot\"><strong>Sonntag, 10. Mai 2026, 17 Uhr, Kaisersaal<\/strong><\/span><\/p>\n<p><strong>\u201eAnima-Quintett\u201c mit dem jungen Saxophonisten Castan\u0303o Pablo<\/strong><\/p>\n<p>Das <strong>Anima Quintett<\/strong> ist ein junges, internationales Kammermusikensemble, das erst Ende 2024 an der Hochschule f\u00fcr Musik und Tanz K\u00f6ln gegr\u00fcndet wurde. Es besteht aus vier Saxophonist*innen und einer Pianistin aus verschiedenen L\u00e4ndern: Portugal, Spanien, Slowenien, Taiwan und China. Diese kulturelle Vielfalt pr\u00e4gt die k\u00fcnstlerische Identit\u00e4t des Ensembles und spiegelt sich in einem offenen, kreativen Zugang zur Musik wieder.<\/p>\n<p>Im Zentrum der Zusammenarbeit stehen musikalischer Austausch, individuelle Ausdruckskraft und die gemeinsame Suche nach neuen Klangr\u00e4umen. Das Anima Quintett m\u00f6chte mit seinen Programmen Grenzen verschieben, Begegnungen schaffen und dem Publikum \u00fcberraschende H\u00f6rerlebnisse bieten.<\/p>\n<p><strong>Pablo Casta\u00f1o<\/strong> (geb. 2001) begann im Alter von acht Jahren mit dem Saxophonunterricht bei Prof. Diego Garc\u00eda. Sein Bachelorstudium in Spanien schlo\u00df er mit Auszeichnung bei Prof. Adri\u00e1n Pais ab. Er erhielt Auszeichnungen bei nationalen und internationalen Wettbewerben. Zu seinen Auszeichnungen z\u00e4hlen der erste Preis beim Solistenwettbewerb in Galicien sowie beim Kings International Music Competition (USA). Au\u00dferdem war er Finalist bei weiteren Wettbewerben in Spanien. Er trat bei verschiedenen Musikfestivals auf, darunter beim Festival Peregrinos Musicales. 2019 erhielt er ein Konzertstipendium des Museo de Pontevedra. Pablo Casta\u00f1o konzertierte sowohl als Solist als auch in verschiedenen kammermusikalischen Besetzungen in Spanien, Portugal, Deutschland und Argentinien. 2024 erhielt er das namhafte DAAD-Stipendium, das ihm erm\u00f6glichte, seine k\u00fcnstlerische Ausbildung in Deutschland weiterzuf\u00fchren. Noch im selben Jahr begann er sein Masterstudium an der Hochschule f\u00fcr Musik und Tanz K\u00f6ln, bei dem renommierten Prof. Daniel Gauthier.<\/p>\n<p>Als vielseitiger und neugieriger K\u00fcnstler l\u00e4sst er sich nicht nur von der Musik inspirieren, sondern auch von der Welt der Filmkunst. In diesem Bereich realisierte er mehrere Projekte mit dem Regisseur und Schauspieler Tito Refoxo.<\/p>\n<p>Das schwungvolle und kontrastreiche Programm reicht von Rossinis Ouvert\u00fcre \u201eDie diebische Elster\u201c bis zu George Gershwins legend\u00e4rer \u201eRhapsody in Blue\u201c.<\/p>\n<p>&nbsp;<\/p>\n<p><span class=\"format rot\"><strong>Sonntag, 31. Mai 2026, 17 Uhr, Kaisersaal<\/strong><\/span><\/p>\n<p><strong>\u201eEnsemble Prisma\u201c mit Jung-Geigerin Nathalie Lewis <\/strong><\/p>\n<p>Das <strong>Ensemble Prisma<\/strong> besteht aus je zwei Oboen, Klarinetten, Fagotten und H\u00f6rnern und ist aus der Jungen Deutschen Philharmonie hervorgegangen \u2013 wie mittlerweile viele andere Ensembles, etwa die Deutsche Kammerphilharmonie Bremen, das Ensemble Modern oder bach, blech &#038; blues \u2013 und kann auf eine erfolgreiche k\u00fcnstlerische Karriere zur\u00fcckblicken.<\/p>\n<p>So spielte das Ensemble in zahlreichen St\u00e4dten im In- und Ausland und bei renommierten Festivals. Die Mitglieder kommen aus der ganzen Republik und sind in Orchestern oder an Musikhochschulen t\u00e4tig: etwa in Bielefeld, Osnabr\u00fcck, Hannover, Mannheim und Mu\u0308nchen.<\/p>\n<p>Das Repertoire von Ensemble Prisma vielseitig: Neben bekannten Originalwerken von Mozart, Beethoven, Krommer und Schubert besch\u00e4ftigen sich die acht Musiker intensiv mit Harmoniemusik-Bearbeitungen fu\u0308r Bl\u00e4serensemble, etwa zur \u201eZauberfl\u00f6te\u201c, \u201eDon Giovanni\u201c, \u201eDie Verkaufte Braut\u201c, \u201eDer Nussknacker\u201c, oder \u201ePorgy &#038; Bess\u201c.<\/p>\n<p>Das Ensemble stand bereits im Finale des Deutschen Musikwettbewerbs, bekam ein Stipendium der Werner Richard-Dr. Carl D\u00f6rken Stiftung in Herdecke und debu\u0308tierte im selben Jahr beim Mozartfest W\u00fcrzburg, dem Rheingau Musik Festival und dem Schleswig-Holstein Musik Festival. In den vergangenen Jahren erhielt Ensemble Prisma Einladungen zu den Nieders\u00e4chsischen Musiktagen, zum Oberstdorfer Musiksommer, den Musikwochen Weserbergland, zum Mittelrhein Musik Festival und den Bru\u0308hler Schlosskonzerten.<\/p>\n<p>Die <strong>Geigerin<\/strong> <strong>Nathalie Lewis<\/strong> wurde 2005 in Hannover geboren und erhielt bereits im Alter von vier Jahren ihren ersten Geigenunterricht.<\/p>\n<p>Ab 2013 wurde sie an der Musikhochschule Hannover von Prof. Ina Kertscher unterrichtet und einige Jahre sp\u00e4ter in das renommierte Institut f\u00fcr Fr\u00fchf\u00f6rderung aufgenommen. Wichtige k\u00fcnstlerische Impulse erhielt sie auch in Meisterkursen u. a. bei Midori, Tobias Feldman, Prof. Krzysztof Wegrzyn, Ana Chumachenco, Ingolf Turban und Boris Kusnezow.<\/p>\n<p>Sie ist mehrfache Bundespreistr\u00e4gerin des Wettbewerbs Jugend musiziert und geh\u00f6rte 2024 zu den Preistr\u00e4gerinnen des Szymon-Goldberg-Wettbewerbs.<\/p>\n<p>Seit 2022 studiert Nathalie Lewis an der Musikhochschule Hannover, zun\u00e4chst bei Prof. Krzysztof Wegrzyn und sp\u00e4ter bei Prof. Liza Ferschtman und Prof. Friedemann Eichhorn.<\/p>\n<p>Konzertauftritte f\u00fchrten sie als Solistin mit verschiedenen Orchestern mit Violinkonzerten von Lalo, Sarasate, Bruch und Mendelssohn auf die B\u00fchne.<\/p>\n<p>Sie war Stipendiatin der Deutschen Stiftung Musikleben und erhielt auch ein begehrtes Stipendium von Live Music Now. Orchestrale Erfahrungen sammelte Nathalie Lewis als Mitglied des European Union Youth Orchestra sowie bei der NDR-Radiophilharmonie und als Substitutin bei der Staatskapelle Weimar. Neben ihrer solistischen T\u00e4tigkeit widmet sie sich leidenschaftlich der Kammermusik, etwa beim Hallbergmoos Music Festival an der Seite von Valerij Sokolov.<\/p>\n<p>&nbsp;<\/p>\n<p><span class=\"format rot\"><strong>Sonntag, 14. Juni 2026, 17 Uhr, Kaisersaal<\/strong><\/span><\/p>\n<p><strong>\u201eNWD-Celloensemble\u201c begleitet Sopranistin Leonor Amaral<\/strong><\/p>\n<p>Unverzichtbarer Bestandteil des Konzertlebens in Ostwestfalen-Lippe und attraktiver Kulturbotschafter der Region \u00fcber die Grenzen Europas hinaus \u2013 diesen beiden Anspr\u00fcchen wird die Nordwestdeutsche Philharmonie unter der Leitung ihres Chefdirigenten Jonathan Bloxham in vorbildlicher Weise gerecht<\/p>\n<p>Seine k\u00fcnstlerische Vielseitigkeit stellt das Landesorchester NRW in j\u00e4hrlich gut 130 Konzerten, Rundfunk- und TV-Produktionen, CD-Einspielungen und einem umfangreichen schul- und konzertp\u00e4dagogischen Programm f\u00fcr die Konzertbesucher von morgen eindrucksvoll unter Beweis. Erfolgreiche Tourneen f\u00fchren die Nordwestdeutsche Philharmonie regelm\u00e4\u00dfig ins benachbarte europ\u00e4ische Ausland und auch in Japan und den USA sorgte das Orchester schon f\u00fcr volle Konzerts\u00e4le.<\/p>\n<p>Seit ihrer Gr\u00fcndung im Jahre 1950 hat sich die Nordwestdeutsche Philharmonie eine hervorragende Reputation in der Fachwelt und beim Publikum erarbeitet und kann auf eine beeindruckende Historie in der Zusammenarbeit mit renommierten Dirigenten (Chefdirigent von 2006-09 Andris Nelsons) und hochrangigen Solisten zur\u00fcckblicken.<\/p>\n<p>Die <strong>Cellisten der Nordwestdeutschen Philharmonie<\/strong> treten als ungew\u00f6hnliches und klanggewaltiges Ensemble mit einem reichen stilistischen Spektrum seit einiger Zeit vermehrt in der Region OWL auf.<\/p>\n<p><strong>Leonor Amaral<\/strong> ist eine vielseitige Konzert- und Operns\u00e4ngerin, die sich bereits w\u00e4hrend \u00a0\u00a0des Studiums ein breites <strong>Opernrepertoire<\/strong> erarbeiten konnte, welches von H\u00e4ndel bis Bizet reicht. Sie deb\u00fctierte zun\u00e4chst am Theater L\u00fcbeck mit Rollen wie Gretchen in <em>Wildsch\u00fctz<\/em> und Mi in <em>Das Land des L\u00e4chelns<\/em>. Nach dem Studium war sie Ensemblemitglied des Theaters Nordhausen, wo sie unter anderem als Musetta in <em>La Boh\u00e9me<\/em>, Marie in Lortzings <em>Zar und Zimmermann<\/em> und Adele in <em>Die Fledermaus<\/em> deb\u00fctierte. In der Oper Schloss Hallwyl (Schweiz) sang sie unter der Leitung von Douglas Bostock die Clorinda in Rossinis <em>La Cenerentola<\/em>. \u00a0\u00a02022 deb\u00fctierte Leonor Amaral im Konzerthaus Gulbenkian in Lissabon als Zerlina mit der Urauff\u00fchrung <em>Don Giovanni o dissoluto<\/em> mit Musik von Mozart und Texten von Jos\u00e9 Saramago. Von 2018 bis 2021 war sie als Koloratursopranistin im Ensemble des Theaters Erfurt engagiert. Dort deb\u00fctierte sie auch als K\u00f6nigin der Nacht, sang die Titelpartie in Aubers <em>Fra Diavolo<\/em> und Norina in Donizettis <em>Don Pasquale<\/em>. Leonor Amaral war 2015 Semifinalisitin im Wettbewerb <em>Neue Stimmen<\/em> der Bertelsmann-Stiftung, und 2017 Finalistin beim <em>Cesti-Wettbewerb<\/em> f\u00fcr Barockoper.<\/p>\n<p>&nbsp;<\/p>\n<p><span class=\"format rot\"><strong>Sonntag, 12. Juli 2026, 17 Uhr, Kaisersaal<\/strong><\/span><\/p>\n<p><strong>\u201eFolkwang Kammerorchester\u201c trifft Luka Coetzee, den Cello-Star von morgen<\/strong><\/p>\n<p>Neugier, Innovationsfreude und musikalische Exzellenz sind die Markenzeichen des <strong>Folkwang Kammerorchesters Essen <\/strong>(FKO).<\/p>\n<p>Auch \u00fcber seine Heimat hinaus begeistert es mit Energie und Spielfreude ein Publikum aller Generationen und genie\u00dft hohes Ansehen: 2025 war das FKO zu Konzerten in der Hamburger Elbphilharmonie und beim Mozartfest W\u00fcrzburg eingeladen und er\u00f6ffnete das Internationale Musikfestival in P\u00f3voa de Varzim, Portugal.<\/p>\n<p>Die Konzerte des Folkwang Kammerorchesters Essen und seines Chefdirigenten Johannes Klumpp er\u00f6ffnen immer wieder neue Perspektiven durch den Austausch mit unterschiedlichen Genres und Kunstformen. Daneben legt das junge, international besetzte Orchester Schwerpunkte auf die Alte Musik, f\u00fcr die es mit f\u00fchrenden Spezialisten von Weltrang zusammenarbeitet und auf das Werk Wolfgang Amadeus Mozarts.<\/p>\n<p>In der Fachpresse wurden die bisherigen CD-Produktionen mit Mozart-Sinfonien des renommierten Labels GENUIN classics stets gelobt und gefeiert und \u201eDirigent und Orchester als pr\u00e4destinierte Mozart-Interpreten\u201c hervorgehoben. Sein Teamgeist und die unb\u00e4ndige Spielfreude machen das Folkwang Kammerorchester Essen auch zu einem attraktiven Podium f\u00fcr junge Solist*innen und aufstrebende Dirigent*innen.<\/p>\n<p>\u201eTonlich, technisch und musikalisch hervorragend\u201c, wird die kanadische <strong>Cellistin Luka Coetzee<\/strong> (geb. 2004) vom amerikanischen Fanfare Magazin beschrieben und ihre Spielweise als \u201esensibel und mit einem interpretativen Verst\u00e4ndnis das man nicht verpassen sollte\u201c.\u00a0\u00a0\u00a0 Seit ihrem professionellen Deb\u00fct im Alter von 11 Jahren trat Luka Coetzee als Solistin mit Orchestern auf der ganzen Welt auf, darunter die Philharmonie Helsiniki, die Sinfonia Lahti, das Cape Town Philharmonic Orchestra, das Stuttgarter Kammerorchester, die Tapiola Sinfonietta oder das National Orchestre de Cannes. Sie erhielt zahlreiche Auszeichnungen, darunter den ersten Preis beim 7. Internationalen Paulo Cello Wettbewerb im Jahr 2023. Bereits im Jahr 2022 wurde sie als erste Preistr\u00e4gerin beim Pablo Casals International Award ausgezeichnet, erhielt den Frans Helmerson Promotional Award an der Kronberg Academy und den ersten Preis beim Johansen International Competition in Washington, DC.\u00a0\u00a0\u00a0\u00a0\u00a0\u00a0\u00a0\u00a0\u00a0\u00a0\u00a0\u00a0\u00a0 Als Mitglied der von Echo-Klassik nominierten \u201eYoung Soloists\u201c trat Luka Coetzee in Konzert-s\u00e4len auf der ganzen Welt auf wie z.b. der Elbphilharmonie Hamburg, der Tonhalle Z\u00fcrich, der Berliner Philharmonie, der Victoria Hall in Singapur oder dem Rheingau Musik Festival. Seit Oktober 2024 studiert Luka Coetzee an der Kronberg Academy bei Wolfgang Emanuel Schmidt. Das Studium wird erm\u00f6glicht durch das Casals-Patronat.<\/p>\n<p>&nbsp;<\/p>\n<p><strong>Info-Telefon, Thomas Trappmann:\u00a0[<a href=\"tel:004952315699999\">05231-5699999]<\/a><\/strong><\/p>\n<p>&nbsp;<\/p>\n","protected":false},"featured_media":204,"menu_order":0,"template":"","class_list":["post-1902","veranstaltungen","type-veranstaltungen","status-publish","has-post-thumbnail","hentry","veranstaltungen_kategorien-corveyer-sommerkonzerte"],"acf":[],"yoast_head":"<!-- This site is optimized with the Yoast SEO plugin v24.0 - https:\/\/yoast.com\/wordpress\/plugins\/seo\/ -->\n<title>Corveyer Sommerkonzerte 2026 &#8226; Welterbe Corvey<\/title>\n<meta name=\"robots\" content=\"index, follow, max-snippet:-1, max-image-preview:large, max-video-preview:-1\" \/>\n<link rel=\"canonical\" href=\"https:\/\/corvey.de\/en\/veranstaltung\/corveyer-sommerkonzerte-2023\/\" \/>\n<meta property=\"og:locale\" content=\"en_US\" \/>\n<meta property=\"og:locale:alternate\" content=\"de_DE\" \/>\n<meta property=\"og:type\" content=\"article\" \/>\n<meta property=\"og:title\" content=\"Corveyer Sommerkonzerte 2026\" \/>\n<meta property=\"og:description\" content=\"Verehrtes Publikum, liebe Musikfreunde, ich freue mich, Ihnen als neuer k\u00fcnstlerischer Leiter das aktuelle Programm der beliebten Veranstaltungsreihe \u201eCorveyer Sommerkonzerte pr\u00e4sentieren Stars von morgen\u201c vorzustellen. Seien Sie herzlich eingeladen, an diesen Konzerten im Kaisersaal von Schloss Corvey teilzunehmen. M\u00f6ge die Frische der jungen K\u00fcnstler, gepaart mit arrivierten Ensembles, Sie als unser Publikum inspirieren und Ihnen [&hellip;]\" \/>\n<meta property=\"og:url\" content=\"https:\/\/corvey.de\/en\/veranstaltung\/corveyer-sommerkonzerte-2023\/\" \/>\n<meta property=\"og:site_name\" content=\"Welterbe Corvey\" \/>\n<meta property=\"article:modified_time\" content=\"2026-03-24T16:26:10+00:00\" \/>\n<meta property=\"og:image\" content=\"https:\/\/corvey.de\/wp-content\/uploads\/2020\/10\/02-Kaisersaal_DSC7494_klein.jpg\" \/>\n\t<meta property=\"og:image:width\" content=\"1028\" \/>\n\t<meta property=\"og:image:height\" content=\"829\" \/>\n\t<meta property=\"og:image:type\" content=\"image\/jpeg\" \/>\n<meta name=\"twitter:card\" content=\"summary_large_image\" \/>\n<meta name=\"twitter:label1\" content=\"Est. reading time\" \/>\n\t<meta name=\"twitter:data1\" content=\"9 minutes\" \/>\n<script type=\"application\/ld+json\" class=\"yoast-schema-graph\">{\"@context\":\"https:\/\/schema.org\",\"@graph\":[{\"@type\":\"WebPage\",\"@id\":\"https:\/\/corvey.de\/veranstaltung\/corveyer-sommerkonzerte-2023\/\",\"url\":\"https:\/\/corvey.de\/veranstaltung\/corveyer-sommerkonzerte-2023\/\",\"name\":\"Corveyer Sommerkonzerte 2026\",\"isPartOf\":{\"@id\":\"https:\/\/corvey.de\/#website\"},\"primaryImageOfPage\":{\"@id\":\"https:\/\/corvey.de\/veranstaltung\/corveyer-sommerkonzerte-2023\/#primaryimage\"},\"image\":{\"@id\":\"https:\/\/corvey.de\/veranstaltung\/corveyer-sommerkonzerte-2023\/#primaryimage\"},\"thumbnailUrl\":\"https:\/\/corvey.de\/wp-content\/uploads\/2020\/10\/02-Kaisersaal_DSC7494_klein.jpg\",\"datePublished\":\"2022-09-06T10:33:41+00:00\",\"dateModified\":\"2026-03-24T16:26:10+00:00\",\"breadcrumb\":{\"@id\":\"https:\/\/corvey.de\/veranstaltung\/corveyer-sommerkonzerte-2023\/#breadcrumb\"},\"inLanguage\":\"en-US\",\"potentialAction\":[{\"@type\":\"ReadAction\",\"target\":[\"https:\/\/corvey.de\/veranstaltung\/corveyer-sommerkonzerte-2023\/\"]}]},{\"@type\":\"ImageObject\",\"inLanguage\":\"en-US\",\"@id\":\"https:\/\/corvey.de\/veranstaltung\/corveyer-sommerkonzerte-2023\/#primaryimage\",\"url\":\"https:\/\/corvey.de\/wp-content\/uploads\/2020\/10\/02-Kaisersaal_DSC7494_klein.jpg\",\"contentUrl\":\"https:\/\/corvey.de\/wp-content\/uploads\/2020\/10\/02-Kaisersaal_DSC7494_klein.jpg\",\"width\":1028,\"height\":829},{\"@type\":\"BreadcrumbList\",\"@id\":\"https:\/\/corvey.de\/veranstaltung\/corveyer-sommerkonzerte-2023\/#breadcrumb\",\"itemListElement\":[{\"@type\":\"ListItem\",\"position\":1,\"name\":\"Home\",\"item\":\"https:\/\/corvey.de\/\"},{\"@type\":\"ListItem\",\"position\":2,\"name\":\"Veranstaltungen\",\"item\":\"https:\/\/corvey.de\/veranstaltung\/\"},{\"@type\":\"ListItem\",\"position\":3,\"name\":\"Corveyer Sommerkonzerte 2026\"}]},{\"@type\":\"WebSite\",\"@id\":\"https:\/\/corvey.de\/#website\",\"url\":\"https:\/\/corvey.de\/\",\"name\":\"Schloss Corvey\",\"description\":\"\",\"publisher\":{\"@id\":\"https:\/\/corvey.de\/#organization\"},\"potentialAction\":[{\"@type\":\"SearchAction\",\"target\":{\"@type\":\"EntryPoint\",\"urlTemplate\":\"https:\/\/corvey.de\/?s={search_term_string}\"},\"query-input\":{\"@type\":\"PropertyValueSpecification\",\"valueRequired\":true,\"valueName\":\"search_term_string\"}}],\"inLanguage\":\"en-US\"},{\"@type\":\"Organization\",\"@id\":\"https:\/\/corvey.de\/#organization\",\"name\":\"Schloss Corvey\",\"url\":\"https:\/\/corvey.de\/\",\"logo\":{\"@type\":\"ImageObject\",\"inLanguage\":\"en-US\",\"@id\":\"https:\/\/corvey.de\/#\/schema\/logo\/image\/\",\"url\":\"https:\/\/corvey.de\/wp-content\/uploads\/2020\/10\/logo-schloss-corvey.svg\",\"contentUrl\":\"https:\/\/corvey.de\/wp-content\/uploads\/2020\/10\/logo-schloss-corvey.svg\",\"width\":1,\"height\":1,\"caption\":\"Schloss Corvey\"},\"image\":{\"@id\":\"https:\/\/corvey.de\/#\/schema\/logo\/image\/\"}}]}<\/script>\n<!-- \/ Yoast SEO plugin. -->","yoast_head_json":{"title":"Corveyer Sommerkonzerte 2026 &#8226; Welterbe Corvey","robots":{"index":"index","follow":"follow","max-snippet":"max-snippet:-1","max-image-preview":"max-image-preview:large","max-video-preview":"max-video-preview:-1"},"canonical":"https:\/\/corvey.de\/en\/veranstaltung\/corveyer-sommerkonzerte-2023\/","og_locale":"en_US","og_type":"article","og_title":"[:de]Corveyer Sommerkonzerte 2026[:] &#8226; Welterbe Corvey","og_description":"Verehrtes Publikum, liebe Musikfreunde, ich freue mich, Ihnen als neuer k\u00fcnstlerischer Leiter das aktuelle Programm der beliebten Veranstaltungsreihe \u201eCorveyer Sommerkonzerte pr\u00e4sentieren Stars von morgen\u201c vorzustellen. Seien Sie herzlich eingeladen, an diesen Konzerten im Kaisersaal von Schloss Corvey teilzunehmen. M\u00f6ge die Frische der jungen K\u00fcnstler, gepaart mit arrivierten Ensembles, Sie als unser Publikum inspirieren und Ihnen [&hellip;]","og_url":"https:\/\/corvey.de\/en\/veranstaltung\/corveyer-sommerkonzerte-2023\/","og_site_name":"Welterbe Corvey","article_modified_time":"2026-03-24T16:26:10+00:00","og_image":[{"width":1028,"height":829,"url":"https:\/\/corvey.de\/wp-content\/uploads\/2020\/10\/02-Kaisersaal_DSC7494_klein.jpg","type":"image\/jpeg"}],"twitter_card":"summary_large_image","twitter_misc":{"Est. reading time":"9 minutes"},"schema":{"@context":"https:\/\/schema.org","@graph":[{"@type":"WebPage","@id":"https:\/\/corvey.de\/veranstaltung\/corveyer-sommerkonzerte-2023\/","url":"https:\/\/corvey.de\/veranstaltung\/corveyer-sommerkonzerte-2023\/","name":"Corveyer Sommerkonzerte 2026","isPartOf":{"@id":"https:\/\/corvey.de\/#website"},"primaryImageOfPage":{"@id":"https:\/\/corvey.de\/veranstaltung\/corveyer-sommerkonzerte-2023\/#primaryimage"},"image":{"@id":"https:\/\/corvey.de\/veranstaltung\/corveyer-sommerkonzerte-2023\/#primaryimage"},"thumbnailUrl":"https:\/\/corvey.de\/wp-content\/uploads\/2020\/10\/02-Kaisersaal_DSC7494_klein.jpg","datePublished":"2022-09-06T10:33:41+00:00","dateModified":"2026-03-24T16:26:10+00:00","breadcrumb":{"@id":"https:\/\/corvey.de\/veranstaltung\/corveyer-sommerkonzerte-2023\/#breadcrumb"},"inLanguage":"en-US","potentialAction":[{"@type":"ReadAction","target":["https:\/\/corvey.de\/veranstaltung\/corveyer-sommerkonzerte-2023\/"]}]},{"@type":"ImageObject","inLanguage":"en-US","@id":"https:\/\/corvey.de\/veranstaltung\/corveyer-sommerkonzerte-2023\/#primaryimage","url":"https:\/\/corvey.de\/wp-content\/uploads\/2020\/10\/02-Kaisersaal_DSC7494_klein.jpg","contentUrl":"https:\/\/corvey.de\/wp-content\/uploads\/2020\/10\/02-Kaisersaal_DSC7494_klein.jpg","width":1028,"height":829},{"@type":"BreadcrumbList","@id":"https:\/\/corvey.de\/veranstaltung\/corveyer-sommerkonzerte-2023\/#breadcrumb","itemListElement":[{"@type":"ListItem","position":1,"name":"Home","item":"https:\/\/corvey.de\/"},{"@type":"ListItem","position":2,"name":"Veranstaltungen","item":"https:\/\/corvey.de\/veranstaltung\/"},{"@type":"ListItem","position":3,"name":"Corveyer Sommerkonzerte 2026"}]},{"@type":"WebSite","@id":"https:\/\/corvey.de\/#website","url":"https:\/\/corvey.de\/","name":"Schloss Corvey","description":"","publisher":{"@id":"https:\/\/corvey.de\/#organization"},"potentialAction":[{"@type":"SearchAction","target":{"@type":"EntryPoint","urlTemplate":"https:\/\/corvey.de\/?s={search_term_string}"},"query-input":{"@type":"PropertyValueSpecification","valueRequired":true,"valueName":"search_term_string"}}],"inLanguage":"en-US"},{"@type":"Organization","@id":"https:\/\/corvey.de\/#organization","name":"Schloss Corvey","url":"https:\/\/corvey.de\/","logo":{"@type":"ImageObject","inLanguage":"en-US","@id":"https:\/\/corvey.de\/#\/schema\/logo\/image\/","url":"https:\/\/corvey.de\/wp-content\/uploads\/2020\/10\/logo-schloss-corvey.svg","contentUrl":"https:\/\/corvey.de\/wp-content\/uploads\/2020\/10\/logo-schloss-corvey.svg","width":1,"height":1,"caption":"Schloss Corvey"},"image":{"@id":"https:\/\/corvey.de\/#\/schema\/logo\/image\/"}}]}},"_links":{"self":[{"href":"https:\/\/corvey.de\/en\/wp-json\/wp\/v2\/veranstaltungen\/1902","targetHints":{"allow":["GET"]}}],"collection":[{"href":"https:\/\/corvey.de\/en\/wp-json\/wp\/v2\/veranstaltungen"}],"about":[{"href":"https:\/\/corvey.de\/en\/wp-json\/wp\/v2\/types\/veranstaltungen"}],"wp:featuredmedia":[{"embeddable":true,"href":"https:\/\/corvey.de\/en\/wp-json\/wp\/v2\/media\/204"}],"wp:attachment":[{"href":"https:\/\/corvey.de\/en\/wp-json\/wp\/v2\/media?parent=1902"}],"curies":[{"name":"wp","href":"https:\/\/api.w.org\/{rel}","templated":true}]}}